{"id":1034,"date":"2024-02-10T13:42:35","date_gmt":"2024-02-10T13:42:35","guid":{"rendered":"https:\/\/startersites.io\/elementor\/smile-dent\/?page_id=1034"},"modified":"2026-04-14T08:22:24","modified_gmt":"2026-04-14T08:22:24","slug":"historia-spoldzielni","status":"publish","type":"page","link":"http:\/\/gs-mosina.com.pl\/?page_id=1034","title":{"rendered":"Historia Sp\u00f3\u0142dzielni"},"content":{"rendered":"\t\t<div data-elementor-type=\"wp-page\" data-elementor-id=\"1034\" class=\"elementor elementor-1034\">\n\t\t\t\t<div class=\"elementor-element elementor-element-21fc403 e-flex e-con-boxed e-con e-parent\" data-id=\"21fc403\" data-element_type=\"container\">\n\t\t\t\t\t<div class=\"e-con-inner\">\n\t\t<div class=\"elementor-element elementor-element-3b99d1b e-flex e-con-boxed e-con e-child\" data-id=\"3b99d1b\" data-element_type=\"container\" data-settings=\"{&quot;background_background&quot;:&quot;classic&quot;}\">\n\t\t\t\t\t<div class=\"e-con-inner\">\n\t\t<div class=\"elementor-element elementor-element-808fb92 e-con-full e-flex e-con e-child\" data-id=\"808fb92\" data-element_type=\"container\">\n\t\t\t\t<div class=\"elementor-element elementor-element-1b05e13 elementor-widget elementor-widget-shortcode\" data-id=\"1b05e13\" data-element_type=\"widget\" data-widget_type=\"shortcode.default\">\n\t\t\t\t\t\t\t<div class=\"elementor-shortcode\"><\/div>\n\t\t\t\t\t\t<\/div>\n\t\t\t\t<div class=\"elementor-element elementor-element-69e14f5 elementor-widget elementor-widget-heading\" data-id=\"69e14f5\" data-element_type=\"widget\" data-widget_type=\"heading.default\">\n\t\t\t\t\t<h2 class=\"elementor-heading-title elementor-size-default\">Poznaj nas bli\u017cej<\/h2>\t\t\t\t<\/div>\n\t\t\t\t<div class=\"elementor-element elementor-element-7fca67a elementor-widget elementor-widget-text-editor\" data-id=\"7fca67a\" data-element_type=\"widget\" data-widget_type=\"text-editor.default\">\n\t\t\t\t\t\t\t\t\t<article class=\"text-token-text-primary w-full focus:outline-none scroll-mt-[calc(var(--header-height)+min(200px,max(70px,20svh)))]\" dir=\"auto\" tabindex=\"-1\" data-turn-id=\"request-WEB:d08290ef-28e3-4c00-a753-e6f314942836-1\" data-testid=\"conversation-turn-4\" data-scroll-anchor=\"false\" data-turn=\"assistant\"><div class=\"text-base my-auto mx-auto [--thread-content-margin:--spacing(4)] thread-sm:[--thread-content-margin:--spacing(6)] thread-lg:[--thread-content-margin:--spacing(16)] px-(--thread-content-margin)\"><div class=\"[--thread-content-max-width:40rem] thread-sm:[--thread-content-max-width:40rem] thread-lg:[--thread-content-max-width:48rem] mx-auto max-w-(--thread-content-max-width) flex-1 group\/turn-messages focus-visible:outline-hidden relative flex w-full min-w-0 flex-col agent-turn\" tabindex=\"-1\"><div class=\"flex max-w-full flex-col grow\"><div class=\"min-h-8 text-message relative flex w-full flex-col items-end gap-2 text-start break-words whitespace-normal [.text-message+&amp;]:mt-5\" dir=\"auto\" data-message-author-role=\"assistant\" data-message-id=\"32359c7b-b6cc-4068-9a9d-b45db4658e04\" data-message-model-slug=\"gpt-5\"><div class=\"flex w-full flex-col gap-1 empty:hidden first:pt-[3px]\"><div class=\"markdown prose dark:prose-invert w-full break-words light markdown-new-styling\"><p data-start=\"0\" data-end=\"175\" data-is-last-node=\"\" data-is-only-node=\"\">Lokalna tradycja, zaufany partner od 1947 roku \u2014 od ponad 79 lat wspieramy mieszka\u0144c\u00f3w i lokalne firmy, oferuj\u0105c sprzeda\u017c towar\u00f3w masowych oraz wynajem powierzchni u\u017cytkowych.<\/p><\/div><\/div><\/div><\/div><\/div><\/div><\/article>\t\t\t\t\t\t\t\t<\/div>\n\t\t\t\t<div class=\"elementor-element elementor-element-6ea1013 elementor-widget elementor-widget-button\" data-id=\"6ea1013\" data-element_type=\"widget\" data-widget_type=\"button.default\">\n\t\t\t\t\t\t\t\t\t\t<a class=\"elementor-button elementor-button-link elementor-size-sm\" href=\"https:\/\/gs-mosina.com.pl\/kontakt\/\">\n\t\t\t\t\t\t<span class=\"elementor-button-content-wrapper\">\n\t\t\t\t\t\t<span class=\"elementor-button-icon\">\n\t\t\t\t<svg xmlns=\"http:\/\/www.w3.org\/2000\/svg\" viewBox=\"0 0 24 24\"><path fill-rule=\"evenodd\" d=\"M24 0v22.78h-2.87V4.9L2.03 24 0 21.97l19.1-19.1H1.26V0H24Z\"><\/path><\/svg>\t\t\t<\/span>\n\t\t\t\t\t\t\t\t\t<span class=\"elementor-button-text\">Wi\u0119cej informacji<\/span>\n\t\t\t\t\t<\/span>\n\t\t\t\t\t<\/a>\n\t\t\t\t\t\t\t\t<\/div>\n\t\t\t\t<div class=\"elementor-element elementor-element-bcf2fbb elementor-widget elementor-widget-spacer\" data-id=\"bcf2fbb\" data-element_type=\"widget\" data-widget_type=\"spacer.default\">\n\t\t\t\t\t\t\t<div class=\"elementor-spacer\">\n\t\t\t<div class=\"elementor-spacer-inner\"><\/div>\n\t\t<\/div>\n\t\t\t\t\t\t<\/div>\n\t\t\t\t<\/div>\n\t\t<div class=\"elementor-element elementor-element-ee88ee0 e-con-full e-flex e-con e-child\" data-id=\"ee88ee0\" data-element_type=\"container\">\n\t\t\t\t<\/div>\n\t\t\t\t\t<\/div>\n\t\t\t\t<\/div>\n\t\t\t\t\t<\/div>\n\t\t\t\t<\/div>\n\t\t<div class=\"elementor-element elementor-element-05d5f64 e-flex e-con-boxed e-con e-parent\" data-id=\"05d5f64\" data-element_type=\"container\">\n\t\t\t\t\t<div class=\"e-con-inner\">\n\t\t<div class=\"elementor-element elementor-element-3d05ddc e-con-full e-flex e-con e-child\" data-id=\"3d05ddc\" data-element_type=\"container\" data-settings=\"{&quot;background_background&quot;:&quot;classic&quot;}\">\n\t\t\t\t<div class=\"elementor-element elementor-element-14fa9a9 elementor-widget elementor-widget-image\" data-id=\"14fa9a9\" data-element_type=\"widget\" data-widget_type=\"image.default\">\n\t\t\t\t\t\t\t\t\t\t\t\t\t\t\t<img fetchpriority=\"high\" decoding=\"async\" width=\"1024\" height=\"767\" src=\"https:\/\/gs-mosina.com.pl\/wp-content\/uploads\/2025\/09\/h2-1024x767.jpg\" class=\"attachment-large size-large wp-image-1826\" alt=\"\" srcset=\"https:\/\/gs-mosina.com.pl\/wp-content\/uploads\/2025\/09\/h2-1024x767.jpg 1024w, https:\/\/gs-mosina.com.pl\/wp-content\/uploads\/2025\/09\/h2-300x225.jpg 300w, https:\/\/gs-mosina.com.pl\/wp-content\/uploads\/2025\/09\/h2-768x575.jpg 768w, https:\/\/gs-mosina.com.pl\/wp-content\/uploads\/2025\/09\/h2-1536x1150.jpg 1536w, https:\/\/gs-mosina.com.pl\/wp-content\/uploads\/2025\/09\/h2-2048x1533.jpg 2048w\" sizes=\"(max-width: 1024px) 100vw, 1024px\" \/>\t\t\t\t\t\t\t\t\t\t\t\t\t\t\t<\/div>\n\t\t\t\t<\/div>\n\t\t<div class=\"elementor-element elementor-element-37c51f6 e-con-full e-flex e-con e-child\" data-id=\"37c51f6\" data-element_type=\"container\">\n\t\t\t\t<div class=\"elementor-element elementor-element-0870c5c elementor-widget elementor-widget-heading\" data-id=\"0870c5c\" data-element_type=\"widget\" data-widget_type=\"heading.default\">\n\t\t\t\t\t<h2 class=\"elementor-heading-title elementor-size-default\">Historia Gminnej Sp\u00f3\u0142dzielni \u201eSamopomoc Ch\u0142opska\u201d w Mosinie<\/h2>\t\t\t\t<\/div>\n\t\t\t\t<div class=\"elementor-element elementor-element-793e645 elementor-widget elementor-widget-text-editor\" data-id=\"793e645\" data-element_type=\"widget\" data-widget_type=\"text-editor.default\">\n\t\t\t\t\t\t\t\t\t<p data-start=\"239\" data-end=\"543\">Dzia\u0142alno\u015b\u0107 sp\u00f3\u0142dzielcza na terenie Mosiny si\u0119ga pierwszych dni po wyzwoleniu. Ju\u017c 12 czerwca 1945 r. S\u0105d Okr\u0119gowy w Poznaniu zarejestrowa\u0142 Sp\u00f3\u0142dzielni\u0119 Rolniczo-Handlow\u0105 \u201eRolnik\u201d jako organizacj\u0119 dzia\u0142aj\u0105c\u0105 na terenie Mosiny. Pierwszy Zarz\u0105d tworzyli: Marian Hertig, Marcin Matuszak i Ludwik Miedziarek.<\/p><p data-start=\"545\" data-end=\"879\">W dniu 23 wrze\u015bnia 1947 r., z inicjatywy 38 cz\u0142onk\u00f3w, powo\u0142ano Gminn\u0105 Sp\u00f3\u0142dzielni\u0119 \u201eSamopomoc Ch\u0142opska\u201d w Mosinie. Zwi\u0105zek Rewizyjny Okr\u0119gu Pozna\u0144skiego wyda\u0142 pozytywn\u0105 opini\u0119 o celowo\u015bci jej za\u0142o\u017cenia. Sp\u00f3\u0142dzielnia obejmowa\u0142a swoim zasi\u0119giem teren zamieszkiwany przez 15 tys. os\u00f3b, a miasto Mosina liczy\u0142o w\u00f3wczas 6 tys. mieszka\u0144c\u00f3w.<\/p><p data-start=\"881\" data-end=\"1016\">Pierwszy Zarz\u0105d nowo powo\u0142anej Sp\u00f3\u0142dzielni tworzyli: Cezary R\u00f3\u017ca\u0144ski, Maciej Nowaczyk, Edwin G\u00f3rski, Jan Semeniuk i Stanis\u0142aw Bara\u0144ski.<\/p>\t\t\t\t\t\t\t\t<\/div>\n\t\t\t\t<div class=\"elementor-element elementor-element-89343c4 elementor-icon-list--layout-traditional elementor-list-item-link-full_width elementor-widget elementor-widget-icon-list\" data-id=\"89343c4\" data-element_type=\"widget\" data-widget_type=\"icon-list.default\">\n\t\t\t\t\t\t\t<ul class=\"elementor-icon-list-items\">\n\t\t\t\t\t\t\t<li class=\"elementor-icon-list-item\">\n\t\t\t\t\t\t\t\t\t\t\t<span class=\"elementor-icon-list-icon\">\n\t\t\t\t\t\t\t<svg aria-hidden=\"true\" class=\"e-font-icon-svg e-fas-check\" viewBox=\"0 0 512 512\" xmlns=\"http:\/\/www.w3.org\/2000\/svg\"><path d=\"M173.898 439.404l-166.4-166.4c-9.997-9.997-9.997-26.206 0-36.204l36.203-36.204c9.997-9.998 26.207-9.998 36.204 0L192 312.69 432.095 72.596c9.997-9.997 26.207-9.997 36.204 0l36.203 36.204c9.997 9.997 9.997 26.206 0 36.204l-294.4 294.401c-9.998 9.997-26.207 9.997-36.204-.001z\"><\/path><\/svg>\t\t\t\t\t\t<\/span>\n\t\t\t\t\t\t\t\t\t\t<span class=\"elementor-icon-list-text\">Tradycja i do\u015bwiadczenie \u2013 od 1947 roku nieprzerwanie na lokalnym rynku.<\/span>\n\t\t\t\t\t\t\t\t\t<\/li>\n\t\t\t\t\t\t\t\t<li class=\"elementor-icon-list-item\">\n\t\t\t\t\t\t\t\t\t\t\t<span class=\"elementor-icon-list-icon\">\n\t\t\t\t\t\t\t<svg aria-hidden=\"true\" class=\"e-font-icon-svg e-fas-check\" viewBox=\"0 0 512 512\" xmlns=\"http:\/\/www.w3.org\/2000\/svg\"><path d=\"M173.898 439.404l-166.4-166.4c-9.997-9.997-9.997-26.206 0-36.204l36.203-36.204c9.997-9.998 26.207-9.998 36.204 0L192 312.69 432.095 72.596c9.997-9.997 26.207-9.997 36.204 0l36.203 36.204c9.997 9.997 9.997 26.206 0 36.204l-294.4 294.401c-9.998 9.997-26.207 9.997-36.204-.001z\"><\/path><\/svg>\t\t\t\t\t\t<\/span>\n\t\t\t\t\t\t\t\t\t\t<span class=\"elementor-icon-list-text\">Zaufanie \u2013 wieloletnia wsp\u00f3\u0142praca z mieszka\u0144cami i firmami.<\/span>\n\t\t\t\t\t\t\t\t\t<\/li>\n\t\t\t\t\t\t\t\t<li class=\"elementor-icon-list-item\">\n\t\t\t\t\t\t\t\t\t\t\t<span class=\"elementor-icon-list-icon\">\n\t\t\t\t\t\t\t<svg aria-hidden=\"true\" class=\"e-font-icon-svg e-fas-check\" viewBox=\"0 0 512 512\" xmlns=\"http:\/\/www.w3.org\/2000\/svg\"><path d=\"M173.898 439.404l-166.4-166.4c-9.997-9.997-9.997-26.206 0-36.204l36.203-36.204c9.997-9.998 26.207-9.998 36.204 0L192 312.69 432.095 72.596c9.997-9.997 26.207-9.997 36.204 0l36.203 36.204c9.997 9.997 9.997 26.206 0 36.204l-294.4 294.401c-9.998 9.997-26.207 9.997-36.204-.001z\"><\/path><\/svg>\t\t\t\t\t\t<\/span>\n\t\t\t\t\t\t\t\t\t\t<span class=\"elementor-icon-list-text\">Jako\u015b\u0107 i przejrzysto\u015b\u0107 \u2013 klarowne zasady wsp\u00f3\u0142pracy i rzetelna obs\u0142uga.<\/span>\n\t\t\t\t\t\t\t\t\t<\/li>\n\t\t\t\t\t\t<\/ul>\n\t\t\t\t\t\t<\/div>\n\t\t\t\t<\/div>\n\t\t\t\t\t<\/div>\n\t\t\t\t<\/div>\n\t\t<div class=\"elementor-element elementor-element-aa30ad0 e-flex e-con-boxed e-con e-parent\" data-id=\"aa30ad0\" data-element_type=\"container\" id=\"Wi\u0119cej\">\n\t\t\t\t\t<div class=\"e-con-inner\">\n\t\t<div class=\"elementor-element elementor-element-51f0963 e-con-full e-flex e-con e-child\" data-id=\"51f0963\" data-element_type=\"container\">\n\t\t<div class=\"elementor-element elementor-element-7fafa16 e-con-full e-flex e-con e-child\" data-id=\"7fafa16\" data-element_type=\"container\">\n\t\t\t\t<div class=\"elementor-element elementor-element-185a846 elementor-widget elementor-widget-heading\" data-id=\"185a846\" data-element_type=\"widget\" data-widget_type=\"heading.default\">\n\t\t\t\t\t<h2 class=\"elementor-heading-title elementor-size-default\">Sk\u0142ad Rady Nadzorczej w 1995 r.<\/h2>\t\t\t\t<\/div>\n\t\t\t\t<div class=\"elementor-element elementor-element-268f748 elementor-widget__width-initial elementor-widget elementor-widget-text-editor\" data-id=\"268f748\" data-element_type=\"widget\" data-widget_type=\"text-editor.default\">\n\t\t\t\t\t\t\t\t\t<div class=\"text-base my-auto mx-auto pb-10 [--thread-content-margin:--spacing(4)] thread-sm:[--thread-content-margin:--spacing(6)] thread-lg:[--thread-content-margin:--spacing(16)] px-(--thread-content-margin)\"><div class=\"[--thread-content-max-width:40rem] thread-lg:[--thread-content-max-width:48rem] mx-auto max-w-(--thread-content-max-width) flex-1 group\/turn-messages focus-visible:outline-hidden relative flex w-full min-w-0 flex-col agent-turn\" tabindex=\"-1\"><div class=\"flex max-w-full flex-col grow\"><div class=\"min-h-8 text-message relative flex w-full flex-col items-end gap-2 text-start break-words whitespace-normal [.text-message+&amp;]:mt-5\" dir=\"auto\" data-message-author-role=\"assistant\" data-message-id=\"85f3e1fe-9c53-492a-a018-ba66223e4d8d\" data-message-model-slug=\"gpt-5\"><div class=\"flex w-full flex-col gap-1 empty:hidden first:pt-[3px]\"><div class=\"markdown prose dark:prose-invert w-full break-words light markdown-new-styling\"><ul><li data-start=\"0\" data-end=\"33\">J\u00f3zef Stelmach \u2013 przewodnicz\u0105cy<\/li><li data-start=\"0\" data-end=\"33\">Jan Siejak \u2013 zast\u0119pca przewodnicz\u0105cego<\/li><li data-start=\"0\" data-end=\"33\">Jerzy Giera \u2013 przewodnicz\u0105cy Komisji Rewizyjnej<\/li><li data-start=\"0\" data-end=\"33\">Arleta Forszpaniak, Barbata Nowaczyk, Ewa Ma\u0107kowiak, Wojciech Krzy\u017caniak, Stanis\u0142aw \u0141uczy\u0144ski, J\u00f3zef Piasecki, Zygmunt Pohl, Zenon S\u0142upi\u0144ski \u2013 cz\u0142onkowie<\/li><\/ul><\/div><\/div><\/div><\/div><\/div><\/div>\t\t\t\t\t\t\t\t<\/div>\n\t\t\t\t<\/div>\n\t\t<div class=\"elementor-element elementor-element-be2bdbe e-con-full e-flex e-con e-child\" data-id=\"be2bdbe\" data-element_type=\"container\">\n\t\t\t\t<div class=\"elementor-element elementor-element-3ad3896 elementor-widget elementor-widget-heading\" data-id=\"3ad3896\" data-element_type=\"widget\" data-widget_type=\"heading.default\">\n\t\t\t\t\t<h2 class=\"elementor-heading-title elementor-size-default\">Zarz\u0105d Sp\u00f3\u0142dzielni w 1995 r.<\/h2>\t\t\t\t<\/div>\n\t\t\t\t<div class=\"elementor-element elementor-element-cefb3bc elementor-widget__width-initial elementor-widget elementor-widget-text-editor\" data-id=\"cefb3bc\" data-element_type=\"widget\" data-widget_type=\"text-editor.default\">\n\t\t\t\t\t\t\t\t\t<ul><li data-start=\"25\" data-end=\"61\">in\u017c. Andrzej Szymczak \u2013 Prezes<\/li><li data-start=\"25\" data-end=\"61\">in\u017c. Jaros\u0142aw Mad\u0105j \u2013 Wiceprezes<\/li><li data-start=\"25\" data-end=\"61\">Micha\u0142 Nowak \u2013 cz\u0142onek spo\u0142eczny<\/li><li data-start=\"25\" data-end=\"61\">mgr Dorota Baraniak \u2013 G\u0142\u00f3wna Ksi\u0119gowa<\/li><\/ul>\t\t\t\t\t\t\t\t<\/div>\n\t\t\t\t<\/div>\n\t\t\t\t<\/div>\n\t\t<div class=\"elementor-element elementor-element-43f0ffd e-flex e-con-boxed e-con e-child\" data-id=\"43f0ffd\" data-element_type=\"container\" data-settings=\"{&quot;background_background&quot;:&quot;classic&quot;}\">\n\t\t\t\t\t<div class=\"e-con-inner\">\n\t\t<div class=\"elementor-element elementor-element-bc0a40e e-con-full e-flex e-con e-child\" data-id=\"bc0a40e\" data-element_type=\"container\" data-settings=\"{&quot;background_background&quot;:&quot;classic&quot;}\">\n\t\t\t\t<\/div>\n\t\t<div class=\"elementor-element elementor-element-0922948 e-con-full e-flex e-con e-child\" data-id=\"0922948\" data-element_type=\"container\">\n\t\t<div class=\"elementor-element elementor-element-87408bb e-con-full e-flex e-con e-child\" data-id=\"87408bb\" data-element_type=\"container\">\n\t\t<div class=\"elementor-element elementor-element-8568a05 e-con-full e-flex e-con e-child\" data-id=\"8568a05\" data-element_type=\"container\">\n\t\t<div class=\"elementor-element elementor-element-b22ba0b e-flex e-con-boxed e-con e-child\" data-id=\"b22ba0b\" data-element_type=\"container\">\n\t\t\t\t\t<div class=\"e-con-inner\">\n\t\t\t\t<div class=\"elementor-element elementor-element-e12e0fa elementor-widget__width-inherit elementor-widget elementor-widget-text-editor\" data-id=\"e12e0fa\" data-element_type=\"widget\" data-widget_type=\"text-editor.default\">\n\t\t\t\t\t\t\t\t\t<p><strong>Lata 1947\u20131957: Budowanie fundament\u00f3w<\/strong><\/p>\t\t\t\t\t\t\t\t<\/div>\n\t\t\t\t\t<\/div>\n\t\t\t\t<\/div>\n\t\t\t\t<div class=\"elementor-element elementor-element-bac2a3d elementor-widget elementor-widget-text-editor\" data-id=\"bac2a3d\" data-element_type=\"widget\" data-widget_type=\"text-editor.default\">\n\t\t\t\t\t\t\t\t\t<p data-start=\"414\" data-end=\"591\">Sp\u00f3\u0142dzielnia szybko przej\u0119\u0142a lokalne struktury sp\u00f3\u0142dzielcze, m.in. w Szo\u0142drach, Pecnej, Brodnicy i \u017babnie. W 1949 roku S\u0105d Rejonowy zarejestrowa\u0142 po\u0142\u0105czone jednostki jako Miejsk\u0105 Sp\u00f3\u0142dzielni\u0119 \u201eSamopomoc Ch\u0142opska\u201d w Mosinie. Dzia\u0142alno\u015b\u0107 handlowo-us\u0142ugow\u0105 rozpocz\u0119to w dzier\u017cawionych punktach sprzeda\u017cy.<\/p>\t\t\t\t\t\t\t\t<\/div>\n\t\t\t\t<\/div>\n\t\t\t\t<\/div>\n\t\t<div class=\"elementor-element elementor-element-cf929a8 e-con-full e-flex e-con e-child\" data-id=\"cf929a8\" data-element_type=\"container\">\n\t\t<div class=\"elementor-element elementor-element-b331394 e-con-full e-flex e-con e-child\" data-id=\"b331394\" data-element_type=\"container\">\n\t\t<div class=\"elementor-element elementor-element-c278d06 e-flex e-con-boxed e-con e-child\" data-id=\"c278d06\" data-element_type=\"container\">\n\t\t\t\t\t<div class=\"e-con-inner\">\n\t\t\t\t<div class=\"elementor-element elementor-element-2dc09eb elementor-widget__width-inherit elementor-widget elementor-widget-text-editor\" data-id=\"2dc09eb\" data-element_type=\"widget\" data-widget_type=\"text-editor.default\">\n\t\t\t\t\t\t\t\t\t<p><strong>Lata 1957\u20131982: Dynamiczny rozw\u00f3j<\/strong><\/p>\t\t\t\t\t\t\t\t<\/div>\n\t\t\t\t\t<\/div>\n\t\t\t\t<\/div>\n\t\t\t\t<div class=\"elementor-element elementor-element-5fd3876 elementor-widget elementor-widget-text-editor\" data-id=\"5fd3876\" data-element_type=\"widget\" data-widget_type=\"text-editor.default\">\n\t\t\t\t\t\t\t\t\t<p data-start=\"1400\" data-end=\"1598\">W 1957 r. prezesem zosta\u0142 Marian Rembowski. To w\u0142a\u015bnie w okresie jego kadencji rozpocz\u0105\u0142 si\u0119 dynamiczny rozw\u00f3j Sp\u00f3\u0142dzielni. Zyski Inwestowano w nieruchomo\u015bci i rozw\u00f3j infrastruktury. Powsta\u0142y m.in.:<\/p><ul data-start=\"1600\" data-end=\"1829\"><li data-start=\"1600\" data-end=\"1672\"><p data-start=\"1602\" data-end=\"1672\">sklepy i restauracje w Radzewicach, Rogalinie, Mosinie i Puszczykowie,<\/p><\/li><li data-start=\"1673\" data-end=\"1698\"><p data-start=\"1675\" data-end=\"1698\">hotele i Kluby Rolnika,<\/p><\/li><li data-start=\"1699\" data-end=\"1751\"><p data-start=\"1701\" data-end=\"1751\">wytw\u00f3rnia napoj\u00f3w gazowanych, masarnia, piekarnie,<\/p><\/li><li data-start=\"1752\" data-end=\"1829\"><p data-start=\"1754\" data-end=\"1829\">sklepy w \u015awi\u0105tnikach, Czapurach, Wi\u00f3rku, Mieczewie, Krosinku i Daszewicach.<\/p><\/li><\/ul><p data-start=\"1831\" data-end=\"1969\">W 1980 r. Sp\u00f3\u0142dzielnia zdoby\u0142a I miejsce w konkursie wojew\u00f3dzkim i III miejsce w kraju w ramach programu \u201eMistrz Gospodarno\u015bci i Kultury\u201d.<\/p>\t\t\t\t\t\t\t\t<\/div>\n\t\t\t\t<\/div>\n\t\t\t\t<\/div>\n\t\t<div class=\"elementor-element elementor-element-28b7bec e-con-full e-flex e-con e-child\" data-id=\"28b7bec\" data-element_type=\"container\">\n\t\t<div class=\"elementor-element elementor-element-84f743f e-con-full e-flex e-con e-child\" data-id=\"84f743f\" data-element_type=\"container\">\n\t\t<div class=\"elementor-element elementor-element-a9e2361 e-flex e-con-boxed e-con e-child\" data-id=\"a9e2361\" data-element_type=\"container\">\n\t\t\t\t\t<div class=\"e-con-inner\">\n\t\t\t\t<div class=\"elementor-element elementor-element-194daa6 elementor-widget__width-inherit elementor-widget elementor-widget-text-editor\" data-id=\"194daa6\" data-element_type=\"widget\" data-widget_type=\"text-editor.default\">\n\t\t\t\t\t\t\t\t\t<p><strong>Lata 1982\u20131990: Konsolidacja i modernizacja<\/strong><\/p>\t\t\t\t\t\t\t\t<\/div>\n\t\t\t\t\t<\/div>\n\t\t\t\t<\/div>\n\t\t\t\t<div class=\"elementor-element elementor-element-7990479 elementor-widget elementor-widget-text-editor\" data-id=\"7990479\" data-element_type=\"widget\" data-widget_type=\"text-editor.default\">\n\t\t\t\t\t\t\t\t\t<p data-start=\"2020\" data-end=\"2329\">Prezesem zosta\u0142 in\u017c. Andrzej Szymczak. Rozpocz\u0119to modernizacj\u0119 zak\u0142ad\u00f3w produkcyjnych i gastronomicznych oraz inwestycje w infrastruktur\u0119. Powsta\u0142y nowe sklepy i Kluby Rolnika, zmodernizowano piekarni\u0119 w Kro\u015bnie, uruchomiono produkcj\u0119 wafli. Rozpocz\u0119to budow\u0119 budynku administracyjnego przy ul. \u015aremskiej 75A.<\/p><p data-start=\"2331\" data-end=\"2372\">Na koniec 1986 r. Sp\u00f3\u0142dzielnia posiada\u0142a:<\/p><ul data-start=\"2374\" data-end=\"2599\"><li data-start=\"2374\" data-end=\"2400\"><p data-start=\"2376\" data-end=\"2400\">45 sklep\u00f3w detalicznych,<\/p><\/li><li data-start=\"2401\" data-end=\"2431\"><p data-start=\"2403\" data-end=\"2431\">5 zak\u0142ad\u00f3w gastronomicznych,<\/p><\/li><li data-start=\"2432\" data-end=\"2459\"><p data-start=\"2434\" data-end=\"2459\">5 zak\u0142ad\u00f3w produkcyjnych,<\/p><\/li><li data-start=\"2460\" data-end=\"2503\"><p data-start=\"2462\" data-end=\"2503\">3 kawiarnie, 3 sk\u0142ady artyku\u0142\u00f3w masowych,<\/p><\/li><li data-start=\"2504\" data-end=\"2526\"><p data-start=\"2506\" data-end=\"2526\">24 zak\u0142ady us\u0142ugowe,<\/p><\/li><li data-start=\"2527\" data-end=\"2546\"><p data-start=\"2529\" data-end=\"2546\">8 Klub\u00f3w Rolnika,<\/p><\/li><li data-start=\"2547\" data-end=\"2599\"><p data-start=\"2549\" data-end=\"2599\">22 tys. obs\u0142ugiwanych mieszka\u0144c\u00f3w i 1847 cz\u0142onk\u00f3w.<\/p><\/li><\/ul>\t\t\t\t\t\t\t\t<\/div>\n\t\t\t\t<\/div>\n\t\t\t\t<\/div>\n\t\t<div class=\"elementor-element elementor-element-17fd9fe e-con-full e-flex e-con e-child\" data-id=\"17fd9fe\" data-element_type=\"container\">\n\t\t<div class=\"elementor-element elementor-element-67ffd18 e-con-full e-flex e-con e-child\" data-id=\"67ffd18\" data-element_type=\"container\">\n\t\t<div class=\"elementor-element elementor-element-f7a44c9 e-flex e-con-boxed e-con e-child\" data-id=\"f7a44c9\" data-element_type=\"container\">\n\t\t\t\t\t<div class=\"e-con-inner\">\n\t\t\t\t<div class=\"elementor-element elementor-element-5fab1b9 elementor-widget__width-inherit elementor-widget elementor-widget-text-editor\" data-id=\"5fab1b9\" data-element_type=\"widget\" data-widget_type=\"text-editor.default\">\n\t\t\t\t\t\t\t\t\t<p><strong>Lata 90. i transformacja rynkowa<\/strong><\/p>\t\t\t\t\t\t\t\t<\/div>\n\t\t\t\t\t<\/div>\n\t\t\t\t<\/div>\n\t\t\t\t<div class=\"elementor-element elementor-element-f5f516b elementor-widget elementor-widget-text-editor\" data-id=\"f5f516b\" data-element_type=\"widget\" data-widget_type=\"text-editor.default\">\n\t\t\t\t\t\t\t\t\t<p data-start=\"2020\" data-end=\"2329\">W obliczu przemian ustrojowych i rozwoju wolnego rynku, Sp\u00f3\u0142dzielnia rozpocz\u0119\u0142a proces przekazywania sklep\u00f3w i zak\u0142ad\u00f3w produkcyjnych pracownikom w agencj\u0119. W kolejnych latach wi\u0119kszo\u015b\u0107 plac\u00f3wek dzia\u0142a\u0142a na zasadach dzier\u017cawy. Nast\u0105pi\u0142a weryfikacja listy cz\u0142onk\u00f3w \u2013 ze wst\u0119pnych 1847 deklaracj\u0119 dalszego uczestnictwa potwierdzi\u0142o 260 os\u00f3b.<\/p>\t\t\t\t\t\t\t\t<\/div>\n\t\t\t\t<\/div>\n\t\t\t\t<\/div>\n\t\t\t\t<\/div>\n\t\t<div class=\"elementor-element elementor-element-fb2b873 e-con-full e-flex e-con e-child\" data-id=\"fb2b873\" data-element_type=\"container\">\n\t\t\t\t<div class=\"elementor-element elementor-element-37b147b elementor-widget elementor-widget-text-editor\" data-id=\"37b147b\" data-element_type=\"widget\" data-widget_type=\"text-editor.default\">\n\t\t\t\t\t\t\t\t\t<h6>Ci\u0105g dalszy nast\u0105pi\u2026<\/h6>\t\t\t\t\t\t\t\t<\/div>\n\t\t\t\t<div class=\"elementor-element elementor-element-881117d elementor-widget elementor-widget-text-editor\" data-id=\"881117d\" data-element_type=\"widget\" data-widget_type=\"text-editor.default\">\n\t\t\t\t\t\t\t\t\t<p>Z dum\u0105 kontynuujemy wieloletni\u0105 tradycj\u0119 sp\u00f3\u0142dzielczo\u015bci w Mosinie.<\/p>\t\t\t\t\t\t\t\t<\/div>\n\t\t\t\t<\/div>\n\t\t\t\t\t<\/div>\n\t\t\t\t<\/div>\n\t\t\t\t\t<\/div>\n\t\t\t\t<\/div>\n\t\t<div class=\"elementor-element elementor-element-53b7f06 e-flex e-con-boxed e-con e-parent\" data-id=\"53b7f06\" data-element_type=\"container\" data-settings=\"{&quot;background_background&quot;:&quot;gradient&quot;}\">\n\t\t\t\t\t<div class=\"e-con-inner\">\n\t\t<div class=\"elementor-element elementor-element-48a6fd3 e-flex e-con-boxed e-con e-child\" data-id=\"48a6fd3\" data-element_type=\"container\" data-settings=\"{&quot;background_background&quot;:&quot;classic&quot;}\">\n\t\t\t\t\t<div class=\"e-con-inner\">\n\t\t<div class=\"elementor-element elementor-element-4574ed9 e-con-full e-flex e-con e-child\" data-id=\"4574ed9\" data-element_type=\"container\">\n\t\t\t\t<div class=\"elementor-element elementor-element-7912f87 elementor-widget elementor-widget-heading\" data-id=\"7912f87\" data-element_type=\"widget\" data-widget_type=\"heading.default\">\n\t\t\t\t\t<h3 class=\"elementor-heading-title elementor-size-default\">Wsp\u00f3\u0142pracuj z nami ju\u017c dzi\u015b<\/h3>\t\t\t\t<\/div>\n\t\t\t\t<div class=\"elementor-element elementor-element-7901c9d elementor-widget elementor-widget-text-editor\" data-id=\"7901c9d\" data-element_type=\"widget\" data-widget_type=\"text-editor.default\">\n\t\t\t\t\t\t\t\t\t<p>Do\u0142\u0105cz do grona klient\u00f3w, kt\u00f3rzy nam zaufali. Niezale\u017cnie od tego, czy potrzebujesz powierzchni dla swojego biznesu, czy solidnych towar\u00f3w masowych \u2013 oferujemy sprawdzone rozwi\u0105zania i indywidualne podej\u015bcie.<\/p>\t\t\t\t\t\t\t\t<\/div>\n\t\t\t\t<\/div>\n\t\t<div class=\"elementor-element elementor-element-2b329cd e-con-full e-flex e-con e-child\" data-id=\"2b329cd\" data-element_type=\"container\">\n\t\t\t\t<div class=\"elementor-element elementor-element-c3463ea elementor-widget elementor-widget-button\" data-id=\"c3463ea\" data-element_type=\"widget\" data-widget_type=\"button.default\">\n\t\t\t\t\t\t\t\t\t\t<a class=\"elementor-button elementor-button-link elementor-size-sm\" href=\"https:\/\/gs-mosina.com.pl\/kontakt\/\">\n\t\t\t\t\t\t<span class=\"elementor-button-content-wrapper\">\n\t\t\t\t\t\t<span class=\"elementor-button-icon\">\n\t\t\t\t<svg xmlns=\"http:\/\/www.w3.org\/2000\/svg\" viewBox=\"0 0 24 24\"><path fill-rule=\"evenodd\" d=\"M24 0v22.78h-2.87V4.9L2.03 24 0 21.97l19.1-19.1H1.26V0H24Z\"><\/path><\/svg>\t\t\t<\/span>\n\t\t\t\t\t\t\t\t\t<span class=\"elementor-button-text\">Skontaktuj si\u0119 z nami<\/span>\n\t\t\t\t\t<\/span>\n\t\t\t\t\t<\/a>\n\t\t\t\t\t\t\t\t<\/div>\n\t\t\t\t<\/div>\n\t\t\t\t\t<\/div>\n\t\t\t\t<\/div>\n\t\t\t\t\t<\/div>\n\t\t\t\t<\/div>\n\t\t\t\t<\/div>\n\t\t","protected":false},"excerpt":{"rendered":"<p>Poznaj nas bli\u017cej Lokalna tradycja, zaufany partner od 1947 roku \u2014 od ponad 79 lat wspieramy mieszka\u0144c\u00f3w i lokalne firmy, oferuj\u0105c sprzeda\u017c towar\u00f3w masowych oraz wynajem powierzchni u\u017cytkowych. Wi\u0119cej informacji Historia Gminnej Sp\u00f3\u0142dzielni \u201eSamopomoc Ch\u0142opska\u201d w Mosinie Dzia\u0142alno\u015b\u0107 sp\u00f3\u0142dzielcza na terenie Mosiny si\u0119ga pierwszych dni po wyzwoleniu. Ju\u017c 12 czerwca 1945 r. S\u0105d Okr\u0119gowy w [&hellip;]<\/p>\n","protected":false},"author":1,"featured_media":0,"parent":0,"menu_order":0,"comment_status":"closed","ping_status":"closed","template":"","meta":{"footnotes":""},"class_list":["post-1034","page","type-page","status-publish","hentry"],"blocksy_meta":{"has_hero_section":"disabled","vertical_spacing_source":"custom","content_area_spacing":"none","styles_descriptor":{"styles":{"desktop":"","tablet":"","mobile":""},"google_fonts":[],"version":6}},"_links":{"self":[{"href":"http:\/\/gs-mosina.com.pl\/index.php?rest_route=\/wp\/v2\/pages\/1034","targetHints":{"allow":["GET"]}}],"collection":[{"href":"http:\/\/gs-mosina.com.pl\/index.php?rest_route=\/wp\/v2\/pages"}],"about":[{"href":"http:\/\/gs-mosina.com.pl\/index.php?rest_route=\/wp\/v2\/types\/page"}],"author":[{"embeddable":true,"href":"http:\/\/gs-mosina.com.pl\/index.php?rest_route=\/wp\/v2\/users\/1"}],"replies":[{"embeddable":true,"href":"http:\/\/gs-mosina.com.pl\/index.php?rest_route=%2Fwp%2Fv2%2Fcomments&post=1034"}],"version-history":[{"count":71,"href":"http:\/\/gs-mosina.com.pl\/index.php?rest_route=\/wp\/v2\/pages\/1034\/revisions"}],"predecessor-version":[{"id":2019,"href":"http:\/\/gs-mosina.com.pl\/index.php?rest_route=\/wp\/v2\/pages\/1034\/revisions\/2019"}],"wp:attachment":[{"href":"http:\/\/gs-mosina.com.pl\/index.php?rest_route=%2Fwp%2Fv2%2Fmedia&parent=1034"}],"curies":[{"name":"wp","href":"https:\/\/api.w.org\/{rel}","templated":true}]}}